{"id":83,"date":"2015-04-27T09:28:16","date_gmt":"2015-04-27T07:28:16","guid":{"rendered":"https:\/\/wi.ee\/?page_id=83"},"modified":"2026-04-27T14:13:34","modified_gmt":"2026-04-27T11:13:34","slug":"tootajad","status":"publish","type":"page","link":"https:\/\/wi.ee\/et\/instituudist\/tootajad\/","title":{"rendered":"T\u00f6\u00f6tajad"},"content":{"rendered":"<h2>Administratsioon<\/h2>\n<p>Ivari Padar, MA &#8211; direktor, <span style=\"color: #993366;\">i&#118;&#97;&#x72;&#x69;&#x2e;pa&#100;&#97;&#x72;&#x40;&#x77;i&#46;&#101;&#101;<\/span>, 782 8751, 513 1851, vastuv\u00f5tuaeg tuleb telefoni teel eelnevalt kokku leppida<\/p>\n<p>Tiina Kahr, MA &#8211; finantsjuht,<span style=\"color: #993366;\"> tiina&#46;&#107;&#97;&#104;&#114;&#64;&#119;&#105;&#x2e;&#x65;&#x65;<\/span>, 782 8755<\/p>\n<p>Tuuli Abel &#8211; sekret\u00e4r, <span style=\"color: #800080;\">tuuli.abel<span style=\"color: #993366;\">@<\/span>wi.ee,<\/span> 782 8750<\/p>\n<h2>Teadus- ja arendusosakond<\/h2>\n<p>K\u00fclli Eichenbaum, MSc &#8211; teadus- ja arendusosakonna juhataja,<span style=\"color: #993366;\"> &#x6b;&#121;&#x6c;&#x6c;i&#x2e;&#101;i&#x63;&#104;e&#x6e;&#98;&#x61;&#x75;m&#x40;&#119;i&#x2e;&#101;e<\/span>, 782 8752, 5661 1924<\/p>\n<p>Kaile Kabun, MA &#8211; projektijuht (v\u00f5ru keel ja kultuur), <span style=\"color: #993366;\">&#107;&#97;&#x69;&#x6c;&#101;&#46;&#x6b;&#x61;&#98;&#117;&#x6e;&#x40;&#119;&#105;&#x2e;&#x65;&#101;, <\/span>7828752<\/p>\n<p>Merike Tigas &#8211; projektijuht, <span style=\"color: #993366;\">&#x6d;&#x65;&#x72;&#x69;&#x6b;&#x65;&#x2e;&#x74;&#x69;&#x67;&#x61;&#x73;&#x40;&#x77;&#105;&#46;&#101;&#101;<\/span>, 5691 6280<\/p>\n<p>Triin R\u00f5\u00f5musoks &#8211; projektijuht, <span style=\"color: #993366;\">&#x74;&#114;&#x69;&#105;n&#x2e;&#114;o&#x6f;&#109;&#x75;&#x73;o&#x6b;&#115;&#64;&#x77;&#105;&#x2e;&#x65;e, <span style=\"color: #000000;\">5348 7937<\/span><\/span><\/p>\n<p>Maili Roio &#8211; projektijuht (projektip\u00f5hine)<\/p>\n<p>Sulev Iva, PhD &#8211; grammatika teadur, <span style=\"color: #993366;\">&#x73;&#x75;&#x6c;&#x65;&#x76;&#46;&#105;&#118;&#97;&#64;wi&#x2e;&#x65;&#x65;<\/span>, 5554 3727<\/p>\n<p>Helen Plado, PhD &#8211; grammatika teadur, <span style=\"color: #993366;\">&#104;&#x65;&#x6c;e&#110;&#x2e;&#x70;l&#97;&#x64;o&#64;&#x77;&#x69;&#46;&#101;&#x65;<span style=\"color: #0000ff;\"><span style=\"color: #000000;\">, (lapsehoolduspuhkusel)<\/span><\/span><\/span><\/p>\n<p>Evar Saar, PhD &#8211; onomastika teadur,<span style=\"color: #993366;\"> &#101;v&#x61;r&#x2e;s&#x61;a&#x72;&#64;&#x77;&#105;&#x2e;&#101;&#x65;<\/span>, 782 8757<\/p>\n<p>Mariko Faster, PhD &#8211; onomastika teadur, <span style=\"color: #993366;\">&#x6d;&#97;r&#x69;&#x6b;&#111;&#46;&#x66;&#97;s&#x74;&#x65;&#114;&#64;&#x77;&#105;&#46;&#x65;&#x65;<\/span>, 782 8757<\/p>\n<p>Urmas Kalla, MSc &#8211; spetsialist (v\u00f5ru keel), <span style=\"color: #993366;\">&#117;&#x72;&#x6d;a&#115;&#x2e;k&#97;&#x6c;&#x6c;a&#64;&#x77;i&#46;&#x65;&#x65;<\/span>, 5360 3012<\/p>\n<p>Eleri Konts, MA &#8211; spetsialist, <span style=\"color: #993366;\">&#101;&#x6c;&#x65;r&#105;&#x2e;k&#111;&#x6e;&#x74;s&#64;&#x77;i&#46;&#x65;&#x65;<\/span><\/p>\n<p>Evely Haug &#8211; spetsialist (keelepesa), <span style=\"color: #993366;\">&#101;&#x76;e&#108;&#x79;&#46;&#x68;&#x61;&#117;&#x67;&#64;&#119;&#x69;&#46;&#101;&#x65;<\/span>, 782 8754<\/p>\n<p>Triin Toom &#8211; spetsialist, <span style=\"color: #993366;\">&#x74;r&#x69;&#105;&#x6e;&#x2e;t&#x6f;&#111;&#x6d;&#x40;w&#x69;&#46;&#x65;&#x65;<\/span>, 782 8754, 512 0772<\/p>\n<h2><a href=\"https:\/\/vanavorumaamuuseumid.ee\/\">Muuseumiosakond<\/a><\/h2>\n<p>Mirja Ots, MA &#8211; peavarahoidja, <span style=\"color: #993366;\">&#x6d;&#x69;&#114;ja&#x2e;&#x6f;&#116;&#115;&#64;&#x77;&#x69;&#46;&#101;e<\/span>, 5629 7354<\/p>\n<h2><span style=\"color: #000000;\"><a style=\"color: #000000;\" href=\"https:\/\/vanavorumaamuuseumid.ee\/lauluisa\/\" target=\"_blank\" rel=\"noopener noreferrer\">Dr. Fr. R. Kreutzwaldi Memoriaalmuuseum<\/a><\/span><\/h2>\n<p>Aimi Hollo &#8211; juhataja, <span style=\"color: #993366;\">&#x61;i&#x6d;&#105;&#46;&#x68;&#111;&#x6c;&#108;o&#x40;&#119;&#x69;&#46;e&#x65;<\/span>, 782 1798<\/p>\n<p>Malle Avans &#8211; koguhoidja, <span style=\"color: #993366;\">&#109;a&#x6c;l&#x65;&#46;&#x61;&#118;&#x61;&#110;&#x73;&#64;w&#x69;&#46;&#x65;e<\/span>,\u00a0782 1798<\/p>\n<p>Tiina Bahmat\u0161ev &#8211; aednik<\/p>\n<p>Heli Raudsik &#8211; k\u00fclastusjuht<\/p>\n<h2><span style=\"color: #000000;\"><a style=\"color: #000000;\" href=\"https:\/\/vanavorumaamuuseumid.ee\/monistemuuseum\/\" target=\"_blank\" rel=\"noopener noreferrer\">M\u00f5niste Talurahvamuuseum<\/a><\/span><\/h2>\n<p>Airi R\u00fc\u00fctli &#8211; juhataja, <span style=\"color: #993366;\">a&#105;&#114;&#105;&#x2e;&#x72;&#x79;yt&#108;&#105;&#x40;&#x77;&#x69;&#x2e;ee<\/span>, 5804 6692<\/p>\n<p>Mare Tamtik &#8211; muuseumipedagoog, <span style=\"color: #993366;\">&#x6d;&#97;&#x72;&#x65;&#46;&#x74;&#97;m&#x74;&#105;k&#x40;&#119;i&#x2e;&#101;e<span style=\"color: #000000;\">, 5622 8538<\/span><\/span><\/p>\n<p>Liispet Jalandi &#8211; koguhoidja, <span style=\"color: #993366;\">&#x6c;&#x69;&#105;s&#x70;&#x65;&#116;&#46;j&#x61;&#x6c;&#97;&#110;d&#x69;&#x40;&#119;i&#46;&#x65;&#x65;<\/span><\/p>\n<p>Mikk Vaidre &#8211; majandusspetsialist<\/p>\n<h2><span style=\"color: #000000;\"><a style=\"color: #000000;\" href=\"https:\/\/vanavorumaamuuseumid.ee\/karilatsimuuseum\/\" target=\"_blank\" rel=\"noopener noreferrer\">Karilatsi Vaba\u00f5humuuseum<\/a><\/span><\/h2>\n<p>Kersti Liloson &#8211; juhataja, <span style=\"color: #993366;\">&#107;&#x65;&#114;&#x73;&#116;&#x69;&#46;&#x6c;&#105;&#x6c;&#111;&#x73;&#111;&#x6e;&#64;&#x77;&#105;&#x2e;&#101;&#x65;, <\/span>511 1285<\/p>\n<p>Tiiu Niinem\u00e4gi &#8211; koguhoidja,<span style=\"color: #993366;\"> t&#105;&#105;&#x75;&#x2e;n&#105;&#105;&#x6e;&#x65;&#x6d;a&#103;&#105;&#x40;&#x77;i&#46;&#101;&#x65;<\/span>, 5663 0973<\/p>\n<p>Marge Luude &#8211; muuseumipedagoog, <span style=\"color: #993366;\">marge&#46;lu&#117;&#100;&#101;&#64;&#119;&#105;&#46;&#101;&#101;<\/span>,\u00a0797 0310, 5801 8601<\/p>\n<p>Maris Veski &#8211; arendusspetsialist, <span style=\"color: #993366;\">m&#97;&#114;&#x69;&#x73;&#46;&#118;&#101;&#x73;&#x6b;&#x69;&#64;&#119;&#105;&#x2e;&#x65;e<\/span>, 797 0310, 5210671<\/p>\n<p>Janek H\u00e4melane &#8211; majandusspetsialist, 797 0310, 53860913<\/p>\n<h2><span style=\"color: #000000;\"><a style=\"color: #000000;\" href=\"https:\/\/vanavorumaamuuseumid.ee\/vorumuuseum\/\" target=\"_blank\" rel=\"noopener noreferrer\">V\u00f5rumaa Muuseum<\/a><\/span><\/h2>\n<p>Mirja Ots &#8211; juhataja kt, <span style=\"color: #993366;\">&#109;&#x69;r&#106;&#x61;&#46;&#111;&#x74;s&#64;&#x77;i&#46;&#x65;e<\/span>, 5629 7354<\/p>\n<p>Georg Ruuda &#8211; haldusjuht, <span style=\"color: #993366;\">&#x67;&#101;o&#x72;&#x67;&#46;r&#x75;&#117;d&#x61;&#x40;&#119;i&#x2e;&#101;e<\/span><\/p>\n<p>Karin Tohvri &#8211; koguhoidja, <span style=\"color: #993366;\">&#x6b;&#x61;&#114;i&#x6e;&#x2e;&#x74;&#111;h&#x76;&#x72;&#x69;&#64;w&#x69;&#x2e;&#x65;&#101;<\/span><\/p>\n<p>Jana Huul &#8211; galerist, <span style=\"color: #993366;\">&#x6a;&#x61;&#110;&#97;&#46;&#x68;&#x75;&#x75;&#108;&#64;w&#x69;&#x2e;&#101;&#101;<\/span><\/p>\n<p>Hipp Saar, MA &#8211; teadur (ajalugu), <span style=\"color: #993366;\">&#104;&#x69;&#112;&#x70;&#46;&#x73;a&#x61;r&#64;&#x77;&#105;&#x2e;&#101;&#x65;<\/span><\/p>\n<p>Lagle Lindenberg &#8211; muuseumipedagoog, <span style=\"color: #993366;\">&#108;&#x61;&#103;&#x6c;e&#x2e;l&#105;&#x6e;&#100;&#x65;&#110;&#x62;e&#x72;g&#64;&#x77;&#105;&#x2e;e&#x65;<\/span><\/p>\n<p>Eike Koemets &#8211; k\u00fclastusjuht<\/p>\n<p>Tiia Haug &#8211; k\u00fclastusjuht<\/p>\n<p>&nbsp;<\/p>\n<h2><\/h2>\n<p>&nbsp;<\/p>\n","protected":false},"excerpt":{"rendered":"<p>Administratsioon Ivari Padar, MA &#8211; direktor, &#105;&#x76;&#97;&#x72;&#105;&#x2e;p&#x61;d&#97;&#x72;&#64;&#x77;&#105;&#x2e;e&#x65;, 782 8751, 513 1851, vastuv\u00f5tuaeg tuleb telefoni teel eelnevalt kokku leppida Tiina Kahr, MA &#8211; finantsjuht, &#116;&#x69;&#x69;n&#97;&#x2e;k&#97;&#x68;&#x72;&#64;&#x77;&#x69;&#46;&#101;&#x65;, 782 8755 Tuuli Abel &#8211; sekret\u00e4r, &#x74;&#x75;&#x75;&#x6c;&#x69;&#x2e;&#x61;&#x62;&#x65;&#x6c;&#x40;&#x77;&#x69;&#x2e;&#x65;&#x65;, 782 8750 Teadus- ja arendusosakond K\u00fclli Eichenbaum, MSc &#8211; teadus- ja arendusosakonna juhataja, &#x6b;&#121;&#x6c;&#x6c;&#105;&#x2e;&#101;i&#x63;&#104;e&#x6e;&#98;a&#x75;&#109;&#64;&#x77;&#105;&#x2e;&#x65;&#101;, 782 8752, 5661 1924 Kaile Kabun, MA &#8211; projektijuht (v\u00f5ru [&hellip;]<\/p>\n","protected":false},"author":1,"featured_media":0,"parent":12008,"menu_order":0,"comment_status":"closed","ping_status":"open","template":"","meta":{"_acf_changed":false,"footnotes":""},"class_list":["post-83","page","type-page","status-publish","hentry"],"acf":[],"yoast_head":"<!-- This site is optimized with the Yoast SEO plugin v27.5 - https:\/\/yoast.com\/product\/yoast-seo-wordpress\/ -->\n<title>T\u00f6\u00f6tajad - V\u00f5ru Instituut<\/title>\n<meta name=\"description\" content=\"muuseumiosakond teadus- ja arendusosakond p\u00f5lva talurahvamuuseum moniste kultuurikoda kreutzwaldi\" \/>\n<meta name=\"robots\" content=\"index, follow, max-snippet:-1, max-image-preview:large, max-video-preview:-1\" \/>\n<link rel=\"canonical\" href=\"https:\/\/wi.ee\/et\/instituudist\/tootajad\/\" \/>\n<meta property=\"og:locale\" content=\"et_EE\" \/>\n<meta property=\"og:type\" content=\"article\" \/>\n<meta property=\"og:title\" content=\"T\u00f6\u00f6tajad - V\u00f5ru Instituut\" \/>\n<meta property=\"og:description\" content=\"muuseumiosakond teadus- ja arendusosakond p\u00f5lva talurahvamuuseum moniste kultuurikoda kreutzwaldi\" \/>\n<meta property=\"og:url\" content=\"https:\/\/wi.ee\/et\/instituudist\/tootajad\/\" \/>\n<meta property=\"og:site_name\" content=\"V\u00f5ru Instituut\" \/>\n<meta property=\"article:publisher\" content=\"https:\/\/www.facebook.com\/VoroInstituut\" \/>\n<meta property=\"article:modified_time\" content=\"2026-04-27T11:13:34+00:00\" \/>\n<meta property=\"og:image\" content=\"https:\/\/wi.ee\/wp-content\/uploads\/2015\/05\/logo-150507.png\" \/>\n\t<meta property=\"og:image:width\" content=\"183\" \/>\n\t<meta property=\"og:image:height\" content=\"123\" \/>\n\t<meta property=\"og:image:type\" content=\"image\/png\" \/>\n<meta name=\"twitter:label1\" content=\"Est. reading time\" \/>\n\t<meta name=\"twitter:data1\" content=\"2 minutit\" \/>\n<script type=\"application\/ld+json\" class=\"yoast-schema-graph\">{\"@context\":\"https:\\\/\\\/schema.org\",\"@graph\":[{\"@type\":\"WebPage\",\"@id\":\"https:\\\/\\\/wi.ee\\\/et\\\/instituudist\\\/tootajad\\\/\",\"url\":\"https:\\\/\\\/wi.ee\\\/et\\\/instituudist\\\/tootajad\\\/\",\"name\":\"T\u00f6\u00f6tajad - V\u00f5ru Instituut\",\"isPartOf\":{\"@id\":\"https:\\\/\\\/wi.ee\\\/et\\\/#website\"},\"datePublished\":\"2015-04-27T07:28:16+00:00\",\"dateModified\":\"2026-04-27T11:13:34+00:00\",\"description\":\"muuseumiosakond teadus- ja arendusosakond p\u00f5lva talurahvamuuseum moniste kultuurikoda kreutzwaldi\",\"breadcrumb\":{\"@id\":\"https:\\\/\\\/wi.ee\\\/et\\\/instituudist\\\/tootajad\\\/#breadcrumb\"},\"inLanguage\":\"et\",\"potentialAction\":[{\"@type\":\"ReadAction\",\"target\":[\"https:\\\/\\\/wi.ee\\\/et\\\/instituudist\\\/tootajad\\\/\"]}]},{\"@type\":\"BreadcrumbList\",\"@id\":\"https:\\\/\\\/wi.ee\\\/et\\\/instituudist\\\/tootajad\\\/#breadcrumb\",\"itemListElement\":[{\"@type\":\"ListItem\",\"position\":1,\"name\":\"Avaleht\",\"item\":\"https:\\\/\\\/wi.ee\\\/et\\\/\"},{\"@type\":\"ListItem\",\"position\":2,\"name\":\"Instituudist\",\"item\":\"https:\\\/\\\/wi.ee\\\/et\\\/instituudist\\\/\"},{\"@type\":\"ListItem\",\"position\":3,\"name\":\"T\u00f6\u00f6tajad\"}]},{\"@type\":\"WebSite\",\"@id\":\"https:\\\/\\\/wi.ee\\\/et\\\/#website\",\"url\":\"https:\\\/\\\/wi.ee\\\/et\\\/\",\"name\":\"V\u00f5ru Instituut\",\"description\":\"\",\"publisher\":{\"@id\":\"https:\\\/\\\/wi.ee\\\/et\\\/#organization\"},\"potentialAction\":[{\"@type\":\"SearchAction\",\"target\":{\"@type\":\"EntryPoint\",\"urlTemplate\":\"https:\\\/\\\/wi.ee\\\/et\\\/?s={search_term_string}\"},\"query-input\":{\"@type\":\"PropertyValueSpecification\",\"valueRequired\":true,\"valueName\":\"search_term_string\"}}],\"inLanguage\":\"et\"},{\"@type\":\"Organization\",\"@id\":\"https:\\\/\\\/wi.ee\\\/et\\\/#organization\",\"name\":\"V\u00f5ru Instituut\",\"url\":\"https:\\\/\\\/wi.ee\\\/et\\\/\",\"logo\":{\"@type\":\"ImageObject\",\"inLanguage\":\"et\",\"@id\":\"https:\\\/\\\/wi.ee\\\/et\\\/#\\\/schema\\\/logo\\\/image\\\/\",\"url\":\"https:\\\/\\\/wi.ee\\\/wp-content\\\/uploads\\\/2015\\\/05\\\/logo-150507.png\",\"contentUrl\":\"https:\\\/\\\/wi.ee\\\/wp-content\\\/uploads\\\/2015\\\/05\\\/logo-150507.png\",\"width\":183,\"height\":123,\"caption\":\"V\u00f5ru Instituut\"},\"image\":{\"@id\":\"https:\\\/\\\/wi.ee\\\/et\\\/#\\\/schema\\\/logo\\\/image\\\/\"},\"sameAs\":[\"https:\\\/\\\/www.facebook.com\\\/VoroInstituut\"]}]}<\/script>\n<!-- \/ Yoast SEO plugin. -->","yoast_head_json":{"title":"T\u00f6\u00f6tajad - V\u00f5ru Instituut","description":"muuseumiosakond teadus- ja arendusosakond p\u00f5lva talurahvamuuseum moniste kultuurikoda kreutzwaldi","robots":{"index":"index","follow":"follow","max-snippet":"max-snippet:-1","max-image-preview":"max-image-preview:large","max-video-preview":"max-video-preview:-1"},"canonical":"https:\/\/wi.ee\/et\/instituudist\/tootajad\/","og_locale":"et_EE","og_type":"article","og_title":"T\u00f6\u00f6tajad - V\u00f5ru Instituut","og_description":"muuseumiosakond teadus- ja arendusosakond p\u00f5lva talurahvamuuseum moniste kultuurikoda kreutzwaldi","og_url":"https:\/\/wi.ee\/et\/instituudist\/tootajad\/","og_site_name":"V\u00f5ru Instituut","article_publisher":"https:\/\/www.facebook.com\/VoroInstituut","article_modified_time":"2026-04-27T11:13:34+00:00","og_image":[{"width":183,"height":123,"url":"https:\/\/wi.ee\/wp-content\/uploads\/2015\/05\/logo-150507.png","type":"image\/png"}],"twitter_misc":{"Est. reading time":"2 minutit"},"schema":{"@context":"https:\/\/schema.org","@graph":[{"@type":"WebPage","@id":"https:\/\/wi.ee\/et\/instituudist\/tootajad\/","url":"https:\/\/wi.ee\/et\/instituudist\/tootajad\/","name":"T\u00f6\u00f6tajad - V\u00f5ru Instituut","isPartOf":{"@id":"https:\/\/wi.ee\/et\/#website"},"datePublished":"2015-04-27T07:28:16+00:00","dateModified":"2026-04-27T11:13:34+00:00","description":"muuseumiosakond teadus- ja arendusosakond p\u00f5lva talurahvamuuseum moniste kultuurikoda kreutzwaldi","breadcrumb":{"@id":"https:\/\/wi.ee\/et\/instituudist\/tootajad\/#breadcrumb"},"inLanguage":"et","potentialAction":[{"@type":"ReadAction","target":["https:\/\/wi.ee\/et\/instituudist\/tootajad\/"]}]},{"@type":"BreadcrumbList","@id":"https:\/\/wi.ee\/et\/instituudist\/tootajad\/#breadcrumb","itemListElement":[{"@type":"ListItem","position":1,"name":"Avaleht","item":"https:\/\/wi.ee\/et\/"},{"@type":"ListItem","position":2,"name":"Instituudist","item":"https:\/\/wi.ee\/et\/instituudist\/"},{"@type":"ListItem","position":3,"name":"T\u00f6\u00f6tajad"}]},{"@type":"WebSite","@id":"https:\/\/wi.ee\/et\/#website","url":"https:\/\/wi.ee\/et\/","name":"V\u00f5ru Instituut","description":"","publisher":{"@id":"https:\/\/wi.ee\/et\/#organization"},"potentialAction":[{"@type":"SearchAction","target":{"@type":"EntryPoint","urlTemplate":"https:\/\/wi.ee\/et\/?s={search_term_string}"},"query-input":{"@type":"PropertyValueSpecification","valueRequired":true,"valueName":"search_term_string"}}],"inLanguage":"et"},{"@type":"Organization","@id":"https:\/\/wi.ee\/et\/#organization","name":"V\u00f5ru Instituut","url":"https:\/\/wi.ee\/et\/","logo":{"@type":"ImageObject","inLanguage":"et","@id":"https:\/\/wi.ee\/et\/#\/schema\/logo\/image\/","url":"https:\/\/wi.ee\/wp-content\/uploads\/2015\/05\/logo-150507.png","contentUrl":"https:\/\/wi.ee\/wp-content\/uploads\/2015\/05\/logo-150507.png","width":183,"height":123,"caption":"V\u00f5ru Instituut"},"image":{"@id":"https:\/\/wi.ee\/et\/#\/schema\/logo\/image\/"},"sameAs":["https:\/\/www.facebook.com\/VoroInstituut"]}]}},"_links":{"self":[{"href":"https:\/\/wi.ee\/et\/wp-json\/wp\/v2\/pages\/83","targetHints":{"allow":["GET"]}}],"collection":[{"href":"https:\/\/wi.ee\/et\/wp-json\/wp\/v2\/pages"}],"about":[{"href":"https:\/\/wi.ee\/et\/wp-json\/wp\/v2\/types\/page"}],"author":[{"embeddable":true,"href":"https:\/\/wi.ee\/et\/wp-json\/wp\/v2\/users\/1"}],"replies":[{"embeddable":true,"href":"https:\/\/wi.ee\/et\/wp-json\/wp\/v2\/comments?post=83"}],"version-history":[{"count":146,"href":"https:\/\/wi.ee\/et\/wp-json\/wp\/v2\/pages\/83\/revisions"}],"predecessor-version":[{"id":17348,"href":"https:\/\/wi.ee\/et\/wp-json\/wp\/v2\/pages\/83\/revisions\/17348"}],"up":[{"embeddable":true,"href":"https:\/\/wi.ee\/et\/wp-json\/wp\/v2\/pages\/12008"}],"wp:attachment":[{"href":"https:\/\/wi.ee\/et\/wp-json\/wp\/v2\/media?parent=83"}],"curies":[{"name":"wp","href":"https:\/\/api.w.org\/{rel}","templated":true}]}}