{"id":11376,"date":"2022-10-11T16:12:07","date_gmt":"2022-10-11T13:12:07","guid":{"rendered":"https:\/\/wi.ee\/?page_id=11376"},"modified":"2023-09-20T09:11:36","modified_gmt":"2023-09-20T06:11:36","slug":"voru-keele-nadal-2022","status":"publish","type":"page","link":"https:\/\/wi.ee\/et\/voru-keele-nadal-2022\/","title":{"rendered":"V\u00f5ru keele n\u00e4dal 2022"},"content":{"rendered":"<p><strong>Tulemas on 17. v\u00f5ru keele n\u00e4dal<\/strong><\/p>\n<p>Iga aasta novembri esimesel t\u00e4ispikal n\u00e4dalal peetakse v\u00f5ru keele n\u00e4d\u00e4lat. Sel aastal on v\u00f5ru keele n\u00e4dal <strong>7.\u201313. novembril 2022.<\/strong> V\u00f5ru keele n\u00e4dalat peetakse selleks, et v\u00f5ru keelele rohkem t\u00e4helepanu p\u00f6\u00f6rata ja eelk\u00f5ige seet\u00f5ttu, et keelt palju rohkem k\u00f5nelda.<\/p>\n<ol start=\"2022\">\n<li>aasta v\u00f5ru keele n\u00e4dala tunnuslause on <a href=\"https:\/\/wi.ee\/voro-keele-nadali-plakati\/\">\u201e<strong>\u00dcKS S\u00dcDA, KAKS KEELT<\/strong>\u201c<\/a>. Tunnuslause pakkus v\u00e4lja Helen Tambets-Telk. On ju nii, et v\u00f5rukas saab oma ellu kaasa kaks emakeelt ning V\u00f5rumaal aetakse juttu ja parandatakse maailma ikka omas keeles.<\/li>\n<\/ol>\n<p>Mida teha v\u00f5ru keele n\u00e4dalal?<\/p>\n<ol>\n<li>K\u00f5ik aktiivsed v\u00f5rukeelsed inimesed v\u00f5ivad hakata <strong>V\u00d5RU KEELE <a href=\"https:\/\/form.jotformeu.com\/82742418871362\">AGENDIKS<\/a><\/strong>. Agendi t\u00f6\u00f6 sisu on ajada omi igap\u00e4evaseid t\u00f6\u00f6-, kooli- v\u00f5i muid asju v\u00f5ru keeles ja olla sellega teistele eeskujuks. Kui t\u00f6\u00f6 meeldima hakkab, v\u00f5ib seda l\u00f5putult j\u00e4tkata. Agent v\u00f5ib korraldada m\u00f5ne v\u00e4ikse v\u00f5rukeelse \u00fcrituse, teha \u00e4ra v\u00f5rukese v\u00e4ljakutse, lugeda ette v\u00f5rukeelseid raamatuid v\u00f5i Uma Lehte. Agent v\u00f5ib oma agendit\u00f6\u00f6d kiita n\u00e4iteks oma <em>Facebooki<\/em> (FB) lehel ja grupis \u201eV\u00f5ro kiil\u201c, samuti v\u00f5ib postitada sinna juurde pilte ja n\u00e4iteks telefoniga tehtud filmiklippe.<\/li>\n<\/ol>\n<p>V\u00f5ru keele agent tuntakse \u00e4ra, kui tal on seljas agendi T-s\u00e4rk. T-s\u00e4rk v\u00f5ib olla ka eelmise v\u00f5i \u00fcle-eelmise aasta oma, aga uue s\u00e4rgi saad endale osta <strong><a href=\"https:\/\/umapuut.ee\/\">siit<\/a><\/strong> (tellimine kuni 17. oktoobrini).<\/p>\n<p>&nbsp;<\/p>\n<ol start=\"2\">\n<li>Sel aastal toome lavale ka maailma esimese v\u00f5rukeelse <strong><em>stand-up<\/em> etenduse \u201e<a href=\"https:\/\/wi.ee\/wp-content\/uploads\/2022\/10\/esika_plakat-1jpg.jpg\">KOG\u00d5MUS MASS!<\/a>\u201c<\/strong>.\u00a0<em>Stand-up<\/em> kom\u00f6\u00f6dia n\u00e4itleja ja lavastaja on Tarmo Tagamets. Etendust saab kokkuleppel n\u00e4itlejaga tellida ka oma asutusse (kirjuta e-kiri <a href=\"mail&#116;&#111;&#58;&#116;&#97;&#114;&#109;&#x6f;&#x2e;&#x74;&#x61;&#x67;&#x61;&#x6d;&#x65;&#x74;s&#64;gm&#97;&#105;&#108;&#46;&#99;&#111;&#109;\">&#x74;&#x61;&#114;m&#x6f;&#x2e;&#x74;&#97;g&#x61;&#x6d;&#x65;&#116;s&#x40;&#x67;&#x6d;&#97;i&#x6c;&#x2e;&#x63;&#111;m<\/a><strong>)<\/strong>. Esietendus toimub 7. novembril kell 19 Krootuse rahvamajas. Eelmisel aastal ostetud piletit saab kasutada ka sel aastal.<\/li>\n<\/ol>\n<p>9. november \u2013 <a href=\"https:\/\/wi.ee\/wp-content\/uploads\/2022\/10\/Misso-1UUS-2.jpg\">Misso rahvamaja\u00a0<\/a>kell 18.00<\/p>\n<p>10. november\u2013 <a href=\"http:\/\/fienta.com\/et\/pistujalapull-stand-up-komoodia-kogomus-mass\">Varstu Kultuurikeskus<\/a> kell 18.00<\/p>\n<ol start=\"3\">\n<li><strong>\u00dcLESKUTSE \u201eK\u00f5n\u00f5l\u00f5 mukka v\u00f5ro kiilt!\u201c<\/strong> K\u00f5ik, kes tahavad, et nendega v\u00f5ru keeles k\u00f5neldaks, saavad kasutada vastava <strong><a href=\"https:\/\/umapuut.ee\/kategooria\/meened\/marke-voromaalt\/\">s\u00f5numiga m\u00e4rki<\/a><\/strong>.<\/li>\n<\/ol>\n<p>&nbsp;<\/p>\n<ol start=\"4\">\n<li><strong>V\u00c4LJAANNETE TUTVUSTAMINE<\/strong> V\u00f5ru Instituudi suures saalis 11. novembril kell 12. Koolilaste kirjat\u00f6\u00f6de kogumiku <strong>\u201eMino V\u00f5romaa 35\u201c<\/strong>\u00a0ja\u00a0<strong>v\u00f5rukeelse T\u00e4hekese<\/strong> esitlus. Avatakse ka jaanuari v\u00f5ru keele eestk\u00f5neleja Kaja-Riina Plumanni <a href=\"https:\/\/wi.ee\/wp-content\/uploads\/2022\/11\/back_a4-1.bmp\">maalin\u00e4itus &#8220;Siist ja s\u00e4\u00e4lt&#8221;<\/a>.<\/li>\n<\/ol>\n<p>&nbsp;<\/p>\n<ol start=\"5\">\n<li>V\u00f5ru keele n\u00e4dalaks saavad valmis <strong>UUED V\u00c4LJAANDED<\/strong>:\u00a0<a href=\"https:\/\/umapuut.ee\/kategooria\/meened\/kalendrid\/\"><strong>v\u00f5ro-eesti seinakalender (2023)<\/strong><\/a>\u00a0ja\u00a0<strong>raamatkalender <a href=\"https:\/\/umapuut.ee\/toode\/voro-seto-tahtraamat-2023\/\">\u201eV\u00f5ro-Seto t\u00e4htraamat 2023\u201c<\/a><\/strong>.<\/li>\n<\/ol>\n<ol start=\"6\">\n<li>V\u00f5ta osa <strong>V\u00d5RUKESE V\u00c4LJAKUTSE<\/strong> m\u00e4ngust (<strong><a href=\"https:\/\/wi.ee\/wp-content\/uploads\/2022\/10\/bingo_a4_2022.pdf\">prindi<\/a><\/strong> v\u00e4lja v\u00f5i m\u00e4ngi <strong><a href=\"https:\/\/fotojaht.visitvoru.ee\/et\/bingo\/vorokoso-vallakutso\/11?fbclid=IwAR2cqo8mvlGX9Py0Mn6Ed6yfdiUUf5Tzs3_sUBODdjGjPlBgymsVTlwmuGQ\">mobiilis<\/a><\/strong>).<\/li>\n<\/ol>\n<p>&nbsp;<\/p>\n<ol start=\"7\">\n<li>V\u00f5ru Instituudi kodulehel on tulemas ka keelt ja kultuuri tutvustav <strong>VEEBIVIKTORIIN<\/strong>.<\/li>\n<\/ol>\n<p>&nbsp;<\/p>\n<ol start=\"8\">\n<li>P\u00d5NEVAD <strong>TEGEMISED VANA-V\u00d5ROMAA MUUSEUMIDES<\/strong><\/li>\n<\/ol>\n<p>&nbsp;<\/p>\n<ul>\n<li>Karilatsi muuseum kutsub m\u00e4ngima s\u00f5nam\u00e4ngu \u2013 oma meeskonnaga tuleb k\u00e4ia vanade hoonete vahel ja lahendada s\u00f5nam\u00f5istatusi. \u00d5ppida saab ka mardi- ja kadrip\u00e4evakombeid.<\/li>\n<li><a href=\"https:\/\/wi.ee\/wp-content\/uploads\/2022\/10\/Moniste-plakat..jpg\">M\u00f5niste muuseumis<\/a> saab v\u00e4rviliste sedelite pealt v\u00f5ru keelt \u00f5ppida.<\/li>\n<li>Vana-V\u00f5romaa kultuurikojas r\u00e4\u00e4gitakse esivanemate saunas k\u00e4imise tarkustest ja hingesaunast.<\/li>\n<li><a href=\"https:\/\/wi.ee\/wp-content\/uploads\/2022\/10\/voru-keele-nadal-kreutzwaldis.jpg\">Kreutzwaldi muuseumin<\/a> saavad lapsed 9.-11. novembril kell 10 ja 11 k\u00e4ia muinasjututunnis ja kell 16 t\u00e4iskasvanud v\u00f5rukeelsel muuseumiekskursioonil.<\/li>\n<\/ul>\n<p>&nbsp;<\/p>\n<ol start=\"9\">\n<li><strong>\u00dcLESKUTSE<\/strong>. Kutsume k\u00f5iki v\u00f5rukaid \u00fcles kandma v\u00f5ru keele n\u00e4dalal omi rahvar\u00f5ivaid nii t\u00f6\u00f6l kui ka peol. Kutsume k\u00f5iki heiskama <a href=\"https:\/\/umapuut.ee\/kategooria\/meened\/vorokeste-lipp\/\"><strong>v\u00f5rok\u00f5isi lippe<\/strong><\/a> nii masti, majade k\u00fclge kui ka laua peale. V\u00f5rok\u00f5isi lippe saab <a href=\"https:\/\/umapuut.ee\/kategooria\/meened\/vorokeste-lipp\/\"><strong>osta siit<\/strong>.<\/a><\/li>\n<\/ol>\n<p>&nbsp;<\/p>\n<ol start=\"10\">\n<li><a href=\"https:\/\/wi.ee\/wp-content\/uploads\/2022\/10\/kohvik.jpg\"><strong>KEELEKOHVIK<\/strong><\/a> V\u00f5ru Instituudi esimese korruse saalis esmasp\u00e4evast neljap\u00e4evani kell 9.30-12. Tule r\u00e4\u00e4gi v\u00f5ru keelt ja saad tassi hommikukohvi tasuta! Iga p\u00e4ev on kohvikus uued inimesed ja uued teemad.<\/li>\n<\/ol>\n<p>&nbsp;<\/p>\n<ol start=\"11\">\n<li><a href=\"https:\/\/wi.ee\/wp-content\/uploads\/2022\/10\/311460224_5549675298458179_8644892286420579315_n.jpg\"><strong>KULL\u00d5, MA LOE SULL\u00d5 <\/strong><\/a><strong>&#8211;\u00a0<\/strong>2.\u20137. klassi latsi v\u00f5ro keelen ettelug\u00f5misp\u00e4iv V\u00f5romaa keskraamadukogo latsiosakunnan 9. novvembril\u00a0\u00a0<strong>kell 11.00<\/strong>.<\/li>\n<\/ol>\n<p>&nbsp;<\/p>\n<ol start=\"12\">\n<li><strong>KORRALDA ISE V\u00d5RUKEELNE \u00dcRITUS<\/strong> oma kodus v\u00f5i t\u00f6\u00f6 juures. N\u00e4iteks v\u00f5ib laulda v\u00f5rukeelitseid laule, tantsida p\u00e4rimustantse, lugeda ette v\u00f5rukeelseid raamatuid, panna v\u00e4lja v\u00f5rukeelseid silte vms. K\u00f5ik v\u00f5rukeelsed ettev\u00f5tmised aitavad kaasa kohaliku keele ja kultuuri p\u00fcsimisele.<\/li>\n<\/ol>\n<p>&nbsp;<\/p>\n<ol start=\"13\">\n<li>Kasuta oma v\u00f5rukeelse \u00fcrituse v\u00e4lljah\u00f5ikamise jaoks <strong>V\u00d5RU KEELE N\u00c4D\u00c4LA <a href=\"https:\/\/wi.ee\/wp-content\/uploads\/2022\/11\/netti_750px_laius-1-plakati-pais.jpg\">P\u00c4ISIT<\/a> JA <a href=\"https:\/\/wi.ee\/voro-keele-nadali-blanketi\/\">BLANKETTE<\/a><\/strong>. Info saad tr\u00fckkida v\u00f5ru keele n\u00e4dala s\u00f5numiga plakati peale.<\/li>\n<\/ol>\n<p>&nbsp;<\/p>\n<p>14. P\u00f5rsas Peppa r\u00e4\u00e4gib j\u00e4lle v\u00f5ru keeles. Telekanal Kidzone Mini hakkab juba p\u00fchap\u00e4eval, 6. novembril n\u00e4itama P\u00f5rsas Peppa uut sarja ka v\u00f5ru keeles. Selleks tuleb kanali seadistusest valida heli valikust v\u00f5ru keel. P\u00f5rsas Peppa ja tema pere ja s\u00f5prade tegemisi saab vaadata iga p\u00e4ev kell 7:00, 13:20 ja 21:00.<\/p>\n<p>&nbsp;<\/p>\n<p><strong>Veel v\u00f5ru keele n\u00e4dala \u00fcritusi<\/strong><\/p>\n<p>7. novembril kell 17.00 Tartu \u00dclikooli eesti- ja \u00fcldkeeleteaduse instituudis raamadukogus (Jakobi 2-423, Tarto) <strong><a href=\"https:\/\/wi.ee\/wp-content\/uploads\/2022\/10\/Odagu-plakat-2022.pdf\">\u201cKal\u00f5vipoja \u00f5dak\u201d<\/a><\/strong>.<\/p>\n<p>V\u00f5ru keele n\u00e4dal lasteaias <a href=\"https:\/\/wi.ee\/wp-content\/uploads\/2022\/11\/Voru-keele-nadal-2022-PDF-1.pdf\">&#8220;S\u00f5leke&#8221;<\/a><\/p>\n<p>&nbsp;<\/p>\n<p>J\u00e4lgi ka V\u00f5ru Instituudi <em>facebooki<\/em> lehte <a href=\"https:\/\/www.facebook.com\/VoroInstituut\/\">https:\/\/www.facebook.com\/VoroInstituut\/<\/a> ja V\u00f5ru Instituudi kodulehte <a href=\"https:\/\/wi.ee\/\">www.wi.ee<\/a>.<\/p>\n<p>&nbsp;<\/p>\n<p>&nbsp;<\/p>\n<p>T\u00e4psem info:<\/p>\n<p>&nbsp;<\/p>\n<p>Triin Toom<\/p>\n<p>projektijuht<\/p>\n<p>V\u00f5ru Instituut<\/p>\n<p>Tartu tn 48, V\u00f5ru<\/p>\n<p>tel 5348 6982<\/p>\n<p><a href=\"&#x6d;&#97;i&#x6c;&#x74;&#111;:&#x74;&#114;i&#x69;&#x6e;&#46;t&#x6f;&#111;m&#x40;&#x77;&#105;&#46;&#x65;&#x65;\">tri&#105;&#110;&#46;&#116;&#x6f;&#x6f;&#x6d;&#x40;&#x77;&#x69;&#x2e;ee<\/a><\/p>\n<p>&nbsp;<\/p>\n<p><a href=\"https:\/\/wi.ee\/voro-keele-nadali-arhiiv\/\">V\u00d5RU KEELE N\u00c4D\u00c4LA ARHIIV<\/a><\/p>\n","protected":false},"excerpt":{"rendered":"<p>Tulemas on 17. v\u00f5ru keele n\u00e4dal Iga aasta novembri esimesel t\u00e4ispikal n\u00e4dalal peetakse v\u00f5ru keele n\u00e4d\u00e4lat. Sel aastal on v\u00f5ru keele n\u00e4dal 7.\u201313. novembril 2022. V\u00f5ru keele n\u00e4dalat peetakse selleks, et v\u00f5ru keelele rohkem t\u00e4helepanu p\u00f6\u00f6rata ja eelk\u00f5ige seet\u00f5ttu, et keelt palju rohkem k\u00f5nelda. aasta v\u00f5ru keele n\u00e4dala tunnuslause on \u201e\u00dcKS S\u00dcDA, KAKS KEELT\u201c. Tunnuslause [&hellip;]<\/p>\n","protected":false},"author":2,"featured_media":0,"parent":0,"menu_order":0,"comment_status":"closed","ping_status":"closed","template":"","meta":{"_acf_changed":false,"footnotes":""},"class_list":["post-11376","page","type-page","status-publish","hentry"],"acf":[],"yoast_head":"<!-- This site is optimized with the Yoast SEO plugin v27.4 - https:\/\/yoast.com\/product\/yoast-seo-wordpress\/ -->\n<title>V\u00f5ru keele n\u00e4dal 2022 - V\u00f5ru Instituut<\/title>\n<meta name=\"robots\" content=\"index, follow, max-snippet:-1, max-image-preview:large, max-video-preview:-1\" \/>\n<link rel=\"canonical\" href=\"https:\/\/wi.ee\/et\/voru-keele-nadal-2022\/\" \/>\n<meta property=\"og:locale\" content=\"et_EE\" \/>\n<meta property=\"og:type\" content=\"article\" \/>\n<meta property=\"og:title\" content=\"V\u00f5ru keele n\u00e4dal 2022 - V\u00f5ru Instituut\" \/>\n<meta property=\"og:description\" content=\"Tulemas on 17. v\u00f5ru keele n\u00e4dal Iga aasta novembri esimesel t\u00e4ispikal n\u00e4dalal peetakse v\u00f5ru keele n\u00e4d\u00e4lat. Sel aastal on v\u00f5ru keele n\u00e4dal 7.\u201313. novembril 2022. V\u00f5ru keele n\u00e4dalat peetakse selleks, et v\u00f5ru keelele rohkem t\u00e4helepanu p\u00f6\u00f6rata ja eelk\u00f5ige seet\u00f5ttu, et keelt palju rohkem k\u00f5nelda. aasta v\u00f5ru keele n\u00e4dala tunnuslause on \u201e\u00dcKS S\u00dcDA, KAKS KEELT\u201c. Tunnuslause [&hellip;]\" \/>\n<meta property=\"og:url\" content=\"https:\/\/wi.ee\/et\/voru-keele-nadal-2022\/\" \/>\n<meta property=\"og:site_name\" content=\"V\u00f5ru Instituut\" \/>\n<meta property=\"article:publisher\" content=\"https:\/\/www.facebook.com\/VoroInstituut\" \/>\n<meta property=\"article:modified_time\" content=\"2023-09-20T06:11:36+00:00\" \/>\n<meta property=\"og:image\" content=\"https:\/\/wi.ee\/wp-content\/uploads\/2015\/05\/logo-150507.png\" \/>\n\t<meta property=\"og:image:width\" content=\"183\" \/>\n\t<meta property=\"og:image:height\" content=\"123\" \/>\n\t<meta property=\"og:image:type\" content=\"image\/png\" \/>\n<meta name=\"twitter:label1\" content=\"Est. reading time\" \/>\n\t<meta name=\"twitter:data1\" content=\"4 minutit\" \/>\n<script type=\"application\/ld+json\" class=\"yoast-schema-graph\">{\"@context\":\"https:\\\/\\\/schema.org\",\"@graph\":[{\"@type\":\"WebPage\",\"@id\":\"https:\\\/\\\/wi.ee\\\/et\\\/voru-keele-nadal-2022\\\/\",\"url\":\"https:\\\/\\\/wi.ee\\\/et\\\/voru-keele-nadal-2022\\\/\",\"name\":\"V\u00f5ru keele n\u00e4dal 2022 - V\u00f5ru Instituut\",\"isPartOf\":{\"@id\":\"https:\\\/\\\/wi.ee\\\/et\\\/#website\"},\"datePublished\":\"2022-10-11T13:12:07+00:00\",\"dateModified\":\"2023-09-20T06:11:36+00:00\",\"breadcrumb\":{\"@id\":\"https:\\\/\\\/wi.ee\\\/et\\\/voru-keele-nadal-2022\\\/#breadcrumb\"},\"inLanguage\":\"et\",\"potentialAction\":[{\"@type\":\"ReadAction\",\"target\":[\"https:\\\/\\\/wi.ee\\\/et\\\/voru-keele-nadal-2022\\\/\"]}]},{\"@type\":\"BreadcrumbList\",\"@id\":\"https:\\\/\\\/wi.ee\\\/et\\\/voru-keele-nadal-2022\\\/#breadcrumb\",\"itemListElement\":[{\"@type\":\"ListItem\",\"position\":1,\"name\":\"Avaleht\",\"item\":\"https:\\\/\\\/wi.ee\\\/et\\\/\"},{\"@type\":\"ListItem\",\"position\":2,\"name\":\"V\u00f5ru keele n\u00e4dal 2022\"}]},{\"@type\":\"WebSite\",\"@id\":\"https:\\\/\\\/wi.ee\\\/et\\\/#website\",\"url\":\"https:\\\/\\\/wi.ee\\\/et\\\/\",\"name\":\"V\u00f5ru Instituut\",\"description\":\"\",\"publisher\":{\"@id\":\"https:\\\/\\\/wi.ee\\\/et\\\/#organization\"},\"potentialAction\":[{\"@type\":\"SearchAction\",\"target\":{\"@type\":\"EntryPoint\",\"urlTemplate\":\"https:\\\/\\\/wi.ee\\\/et\\\/?s={search_term_string}\"},\"query-input\":{\"@type\":\"PropertyValueSpecification\",\"valueRequired\":true,\"valueName\":\"search_term_string\"}}],\"inLanguage\":\"et\"},{\"@type\":\"Organization\",\"@id\":\"https:\\\/\\\/wi.ee\\\/et\\\/#organization\",\"name\":\"V\u00f5ru Instituut\",\"url\":\"https:\\\/\\\/wi.ee\\\/et\\\/\",\"logo\":{\"@type\":\"ImageObject\",\"inLanguage\":\"et\",\"@id\":\"https:\\\/\\\/wi.ee\\\/et\\\/#\\\/schema\\\/logo\\\/image\\\/\",\"url\":\"https:\\\/\\\/wi.ee\\\/wp-content\\\/uploads\\\/2015\\\/05\\\/logo-150507.png\",\"contentUrl\":\"https:\\\/\\\/wi.ee\\\/wp-content\\\/uploads\\\/2015\\\/05\\\/logo-150507.png\",\"width\":183,\"height\":123,\"caption\":\"V\u00f5ru Instituut\"},\"image\":{\"@id\":\"https:\\\/\\\/wi.ee\\\/et\\\/#\\\/schema\\\/logo\\\/image\\\/\"},\"sameAs\":[\"https:\\\/\\\/www.facebook.com\\\/VoroInstituut\"]}]}<\/script>\n<!-- \/ Yoast SEO plugin. -->","yoast_head_json":{"title":"V\u00f5ru keele n\u00e4dal 2022 - V\u00f5ru Instituut","robots":{"index":"index","follow":"follow","max-snippet":"max-snippet:-1","max-image-preview":"max-image-preview:large","max-video-preview":"max-video-preview:-1"},"canonical":"https:\/\/wi.ee\/et\/voru-keele-nadal-2022\/","og_locale":"et_EE","og_type":"article","og_title":"V\u00f5ru keele n\u00e4dal 2022 - V\u00f5ru Instituut","og_description":"Tulemas on 17. v\u00f5ru keele n\u00e4dal Iga aasta novembri esimesel t\u00e4ispikal n\u00e4dalal peetakse v\u00f5ru keele n\u00e4d\u00e4lat. Sel aastal on v\u00f5ru keele n\u00e4dal 7.\u201313. novembril 2022. V\u00f5ru keele n\u00e4dalat peetakse selleks, et v\u00f5ru keelele rohkem t\u00e4helepanu p\u00f6\u00f6rata ja eelk\u00f5ige seet\u00f5ttu, et keelt palju rohkem k\u00f5nelda. aasta v\u00f5ru keele n\u00e4dala tunnuslause on \u201e\u00dcKS S\u00dcDA, KAKS KEELT\u201c. Tunnuslause [&hellip;]","og_url":"https:\/\/wi.ee\/et\/voru-keele-nadal-2022\/","og_site_name":"V\u00f5ru Instituut","article_publisher":"https:\/\/www.facebook.com\/VoroInstituut","article_modified_time":"2023-09-20T06:11:36+00:00","og_image":[{"width":183,"height":123,"url":"https:\/\/wi.ee\/wp-content\/uploads\/2015\/05\/logo-150507.png","type":"image\/png"}],"twitter_misc":{"Est. reading time":"4 minutit"},"schema":{"@context":"https:\/\/schema.org","@graph":[{"@type":"WebPage","@id":"https:\/\/wi.ee\/et\/voru-keele-nadal-2022\/","url":"https:\/\/wi.ee\/et\/voru-keele-nadal-2022\/","name":"V\u00f5ru keele n\u00e4dal 2022 - V\u00f5ru Instituut","isPartOf":{"@id":"https:\/\/wi.ee\/et\/#website"},"datePublished":"2022-10-11T13:12:07+00:00","dateModified":"2023-09-20T06:11:36+00:00","breadcrumb":{"@id":"https:\/\/wi.ee\/et\/voru-keele-nadal-2022\/#breadcrumb"},"inLanguage":"et","potentialAction":[{"@type":"ReadAction","target":["https:\/\/wi.ee\/et\/voru-keele-nadal-2022\/"]}]},{"@type":"BreadcrumbList","@id":"https:\/\/wi.ee\/et\/voru-keele-nadal-2022\/#breadcrumb","itemListElement":[{"@type":"ListItem","position":1,"name":"Avaleht","item":"https:\/\/wi.ee\/et\/"},{"@type":"ListItem","position":2,"name":"V\u00f5ru keele n\u00e4dal 2022"}]},{"@type":"WebSite","@id":"https:\/\/wi.ee\/et\/#website","url":"https:\/\/wi.ee\/et\/","name":"V\u00f5ru Instituut","description":"","publisher":{"@id":"https:\/\/wi.ee\/et\/#organization"},"potentialAction":[{"@type":"SearchAction","target":{"@type":"EntryPoint","urlTemplate":"https:\/\/wi.ee\/et\/?s={search_term_string}"},"query-input":{"@type":"PropertyValueSpecification","valueRequired":true,"valueName":"search_term_string"}}],"inLanguage":"et"},{"@type":"Organization","@id":"https:\/\/wi.ee\/et\/#organization","name":"V\u00f5ru Instituut","url":"https:\/\/wi.ee\/et\/","logo":{"@type":"ImageObject","inLanguage":"et","@id":"https:\/\/wi.ee\/et\/#\/schema\/logo\/image\/","url":"https:\/\/wi.ee\/wp-content\/uploads\/2015\/05\/logo-150507.png","contentUrl":"https:\/\/wi.ee\/wp-content\/uploads\/2015\/05\/logo-150507.png","width":183,"height":123,"caption":"V\u00f5ru Instituut"},"image":{"@id":"https:\/\/wi.ee\/et\/#\/schema\/logo\/image\/"},"sameAs":["https:\/\/www.facebook.com\/VoroInstituut"]}]}},"_links":{"self":[{"href":"https:\/\/wi.ee\/et\/wp-json\/wp\/v2\/pages\/11376","targetHints":{"allow":["GET"]}}],"collection":[{"href":"https:\/\/wi.ee\/et\/wp-json\/wp\/v2\/pages"}],"about":[{"href":"https:\/\/wi.ee\/et\/wp-json\/wp\/v2\/types\/page"}],"author":[{"embeddable":true,"href":"https:\/\/wi.ee\/et\/wp-json\/wp\/v2\/users\/2"}],"replies":[{"embeddable":true,"href":"https:\/\/wi.ee\/et\/wp-json\/wp\/v2\/comments?post=11376"}],"version-history":[{"count":32,"href":"https:\/\/wi.ee\/et\/wp-json\/wp\/v2\/pages\/11376\/revisions"}],"predecessor-version":[{"id":12677,"href":"https:\/\/wi.ee\/et\/wp-json\/wp\/v2\/pages\/11376\/revisions\/12677"}],"wp:attachment":[{"href":"https:\/\/wi.ee\/et\/wp-json\/wp\/v2\/media?parent=11376"}],"curies":[{"name":"wp","href":"https:\/\/api.w.org\/{rel}","templated":true}]}}